{"id":6559,"date":"2022-02-16T17:20:40","date_gmt":"2022-02-16T16:20:40","guid":{"rendered":"https:\/\/augustavitrinas.com\/?post_type=project&#038;p=6559"},"modified":"2022-02-16T17:39:46","modified_gmt":"2022-02-16T16:39:46","slug":"el-manchego","status":"publish","type":"project","link":"https:\/\/augustavitrinas.com\/fr\/project\/el-manchego\/","title":{"rendered":"El Manchego"},"content":{"rendered":"<p>[et_pb_section fb_built=&#8221;1&#8243; _builder_version=&#8221;3.22&#8243; global_colors_info=&#8221;{}&#8221;][et_pb_row column_structure=&#8221;3_4,1_4&#8243; _builder_version=&#8221;4.9.3&#8243; background_size=&#8221;initial&#8221; background_position=&#8221;top_left&#8221; background_repeat=&#8221;repeat&#8221; max_width=&#8221;100%&#8221; global_colors_info=&#8221;{}&#8221;][et_pb_column type=&#8221;3_4&#8243; _builder_version=&#8221;3.25&#8243; custom_padding=&#8221;|||&#8221; global_colors_info=&#8221;{}&#8221; custom_padding__hover=&#8221;|||&#8221;][et_pb_gallery gallery_ids=&#8221;4772,4777,4782,4787&#8243; fullwidth=&#8221;on&#8221; _builder_version=&#8221;4.14.5&#8243; module_alignment=&#8221;center&#8221; auto=&#8221;on&#8221; border_width_right=&#8221;70px&#8221; border_color_right=&#8221;#222b33&#8243; border_width_left=&#8221;70px&#8221; border_color_left=&#8221;#222b33&#8243; global_colors_info=&#8221;{}&#8221;][\/et_pb_gallery][\/et_pb_column][et_pb_column type=&#8221;1_4&#8243; _builder_version=&#8221;3.25&#8243; custom_padding=&#8221;|||&#8221; global_colors_info=&#8221;{}&#8221; custom_padding__hover=&#8221;|||&#8221;][et_pb_image src=&#8221;https:\/\/augustavitrinas.com\/wp-content\/uploads\/2022\/02\/Foto-3-1.jpg&#8221; title_text=&#8221;Foto 3&#8243; align_tablet=&#8221;center&#8221; align_phone=&#8221;&#8221; align_last_edited=&#8221;on|desktop&#8221; _builder_version=&#8221;4.14.5&#8243; global_colors_info=&#8221;{}&#8221;][\/et_pb_image][et_pb_text _builder_version=&#8221;4.14.5&#8243; header_3_font=&#8221;|||on|||||&#8221; hover_enabled=&#8221;0&#8243; global_colors_info=&#8221;{}&#8221; sticky_enabled=&#8221;0&#8243; custom_margin=&#8221;||36px|||&#8221;]<\/p>\n<h3><span style=\"color: #1a76a2;\">EL MANCHEGO<\/span><\/h3>\n<h6><span style=\"color: #1a76a2;\">Design | Vitrine | Armoire de maturation | R\u00e9frig\u00e9ration industrielle | \u00c9clairage commercial sp\u00e9cial<\/span><\/h6>\n<p>[\/et_pb_text][et_pb_text _builder_version=&#8221;4.14.5&#8243; header_6_line_height=&#8221;1.4em&#8221; hover_enabled=&#8221;0&#8243; global_colors_info=&#8221;{}&#8221; sticky_enabled=&#8221;0&#8243;]<\/p>\n<h6>Ann\u00e9e : <strong>2021<\/strong><\/h6>\n<h6>Lieu: Toledo<\/h6>\n<p>[\/et_pb_text][\/et_pb_column][\/et_pb_row][et_pb_row use_custom_gutter=&#8221;on&#8221; make_equal=&#8221;on&#8221; _builder_version=&#8221;4.9.3&#8243; _module_preset=&#8221;default&#8221; max_width=&#8221;100%&#8221; global_colors_info=&#8221;{}&#8221;][et_pb_column type=&#8221;4_4&#8243; _builder_version=&#8221;4.9.3&#8243; _module_preset=&#8221;default&#8221; global_colors_info=&#8221;{}&#8221;][et_pb_text _builder_version=&#8221;4.14.5&#8243; _module_preset=&#8221;default&#8221; text_font_size=&#8221;20px&#8221; hover_enabled=&#8221;0&#8243; global_colors_info=&#8221;{}&#8221; sticky_enabled=&#8221;0&#8243;]<\/p>\n<p>Le projet en question parle \u00e0 la premi\u00e8re personne du traitement d&#8217;un commerce de d\u00e9tail comme une entreprise.<\/p>\n<p>Javier Sabido est un jeune professionnel du secteur de la viande qui, avec son \u00e9pouse Cristina, a d\u00e9cid\u00e9 d&#8217;agrandir et de moderniser leurs locaux qui, bien qu&#8217;ils soient encore pleinement op\u00e9rationnels, \u00e2g\u00e9s de 12 ans, avaient besoin d&#8217;un changement dans leur approche commerciale.<\/p>\n<p>Tout a commenc\u00e9 lorsqu&#8217;ils ont eu l&#8217;occasion d&#8217;acqu\u00e9rir des locaux contigus. \u00c0 ce moment-l\u00e0, et malgr\u00e9 un compte de profits et pertes immacul\u00e9, ils ont d\u00e9cid\u00e9 d&#8217;investir, de r\u00e9nover et d&#8217;am\u00e9liorer leurs installations afin de faire grimper la courbe des ventes.<\/p>\n<p>Cette r\u00e9forme a permis d&#8217;agrandir la zone de travail, d&#8217;augmenter la surface d&#8217;exposition des produits, de r\u00e9organiser les produits par familles et, surtout, d&#8217;am\u00e9liorer la qualit\u00e9 de la r\u00e9frig\u00e9ration et de l&#8217;\u00e9clairage<\/p>\n<p>&nbsp;<\/p>\n<p><a href=\"augustavitrinas.com\">augustavitrinas.com<\/a><\/p>\n<p>[\/et_pb_text][\/et_pb_column][\/et_pb_row][\/et_pb_section][et_pb_section fb_built=&#8221;1&#8243; fullwidth=&#8221;on&#8221; _builder_version=&#8221;3.22&#8243; global_colors_info=&#8221;{}&#8221;][et_pb_fullwidth_portfolio include_categories=&#8221;9&#8243; show_date=&#8221;off&#8221; zoom_icon_color=&#8221;#2ea3f2&#8243; _builder_version=&#8221;3.15&#8243; global_colors_info=&#8221;{}&#8221;][\/et_pb_fullwidth_portfolio][\/et_pb_section][et_pb_section fb_built=&#8221;1&#8243; custom_padding_last_edited=&#8221;off|desktop&#8221; disabled_on=&#8221;off|off|off&#8221; admin_label=&#8221;Footer&#8221; _builder_version=&#8221;3.22&#8243; use_background_color_gradient=&#8221;on&#8221; background_color_gradient_start=&#8221;#16496e&#8221; background_color_gradient_end=&#8221;rgba(36,129,175,0.63)&#8221; background_color_gradient_direction=&#8221;140deg&#8221; background_color_gradient_overlays_image=&#8221;on&#8221; background_image=&#8221;https:\/\/augustavitrinas.com\/wp-content\/uploads\/2018\/09\/Augusta_vitrinas-4.jpg&#8221; custom_margin=&#8221;|||&#8221; custom_padding=&#8221;||||true|false&#8221; custom_padding_tablet=&#8221;10vw||10vw||true&#8221; custom_padding_phone=&#8221;5vw||5vw||true&#8221; global_colors_info=&#8221;{}&#8221;][et_pb_row column_structure=&#8221;2_3,1_3&#8243; use_custom_gutter=&#8221;on&#8221; module_id=&#8221;formulario&#8221; _builder_version=&#8221;3.25&#8243; custom_padding=&#8221;|||&#8221; use_custom_width=&#8221;on&#8221; global_colors_info=&#8221;{}&#8221;][et_pb_column type=&#8221;2_3&#8243; _builder_version=&#8221;3.25&#8243; custom_padding=&#8221;|||&#8221; global_colors_info=&#8221;{}&#8221; custom_padding__hover=&#8221;|||&#8221;][et_pb_contact_form email=&#8221;actualia@actualiasl.com&#8221; title=&#8221;Contacte con nosotros&#8221; custom_message=&#8221;Mi nombre es %%Name%%||et_pb_line_break_holder||Correo electr\u00f3nico: %%Email%%||et_pb_line_break_holder||Me puedes llamar al %%tel%%||et_pb_line_break_holder||Estoy en %%provincia%%||et_pb_line_break_holder||Mi mensaje es %%message%%||et_pb_line_break_holder||||et_pb_line_break_holder||&#8221; success_message=&#8221;Muchas Gracias por su inter\u00e9s. En breve nos pondremos en contacto&#8221; submit_button_text=&#8221;Solicitar Informaci\u00f3n&#8221; module_id=&#8221;et_pb_contact_form_0&#8243; _builder_version=&#8221;4.13.1&#8243; _unique_id=&#8221;0801ccf5-7ab0-4258-b3a4-60acbc0a3dd6&#8243; form_field_background_color=&#8221;rgba(0,0,0,0)&#8221; form_field_text_color=&#8221;#ffffff&#8221; title_level=&#8221;h2&#8243; title_text_color=&#8221;#ffffff&#8221; title_font_size=&#8221;50px&#8221; title_line_height=&#8221;1.2em&#8221; form_field_font=&#8221;Open Sans|700|||||||&#8221; form_field_letter_spacing=&#8221;2px&#8221; form_field_line_height=&#8221;1.8em&#8221; custom_button=&#8221;on&#8221; button_text_size=&#8221;15px&#8221; button_text_color=&#8221;#ffffff&#8221; button_bg_color=&#8221;#ffa727&#8243; button_border_width=&#8221;10px&#8221; button_border_color=&#8221;#ffa727&#8243; button_border_radius=&#8221;100px&#8221; button_letter_spacing=&#8221;5px&#8221; button_font=&#8221;Open Sans|700||on|||||&#8221; button_use_icon=&#8221;off&#8221; button_text_size_last_edited=&#8221;off|desktop&#8221; border_width_bottom=&#8221;2px&#8221; border_color_bottom=&#8221;#ffffff&#8221; form_background_color=&#8221;rgba(0,0,0,0)&#8221; global_colors_info=&#8221;{}&#8221; button_bg_color_hover=&#8221;#ff8a3d&#8221; button_border_color_hover=&#8221;#ff8a3d&#8221; button_border_radius_hover=&#8221;100px&#8221; button_letter_spacing_hover=&#8221;5px&#8221;][et_pb_contact_field field_id=&#8221;Name&#8221; field_title=&#8221;Nombre&#8221; _builder_version=&#8221;3.16&#8243; form_field_font=&#8221;||||||||&#8221; global_colors_info=&#8221;{}&#8221; button_text_size__hover_enabled=&#8221;off&#8221; button_one_text_size__hover_enabled=&#8221;off&#8221; button_two_text_size__hover_enabled=&#8221;off&#8221; button_text_color__hover_enabled=&#8221;off&#8221; button_one_text_color__hover_enabled=&#8221;off&#8221; button_two_text_color__hover_enabled=&#8221;off&#8221; button_border_width__hover_enabled=&#8221;off&#8221; button_one_border_width__hover_enabled=&#8221;off&#8221; button_two_border_width__hover_enabled=&#8221;off&#8221; button_border_color__hover_enabled=&#8221;off&#8221; button_one_border_color__hover_enabled=&#8221;off&#8221; button_two_border_color__hover_enabled=&#8221;off&#8221; button_border_radius__hover_enabled=&#8221;off&#8221; button_one_border_radius__hover_enabled=&#8221;off&#8221; button_two_border_radius__hover_enabled=&#8221;off&#8221; button_letter_spacing__hover_enabled=&#8221;off&#8221; button_one_letter_spacing__hover_enabled=&#8221;off&#8221; button_two_letter_spacing__hover_enabled=&#8221;off&#8221; button_bg_color__hover_enabled=&#8221;off&#8221; button_one_bg_color__hover_enabled=&#8221;off&#8221; button_two_bg_color__hover_enabled=&#8221;off&#8221;][\/et_pb_contact_field][et_pb_contact_field field_id=&#8221;Email&#8221; field_title=&#8221;Su email&#8221; field_type=&#8221;email&#8221; _builder_version=&#8221;3.16&#8243; form_field_font=&#8221;||||||||&#8221; global_colors_info=&#8221;{}&#8221; button_text_size__hover_enabled=&#8221;off&#8221; button_one_text_size__hover_enabled=&#8221;off&#8221; button_two_text_size__hover_enabled=&#8221;off&#8221; button_text_color__hover_enabled=&#8221;off&#8221; button_one_text_color__hover_enabled=&#8221;off&#8221; button_two_text_color__hover_enabled=&#8221;off&#8221; button_border_width__hover_enabled=&#8221;off&#8221; button_one_border_width__hover_enabled=&#8221;off&#8221; button_two_border_width__hover_enabled=&#8221;off&#8221; button_border_color__hover_enabled=&#8221;off&#8221; button_one_border_color__hover_enabled=&#8221;off&#8221; button_two_border_color__hover_enabled=&#8221;off&#8221; button_border_radius__hover_enabled=&#8221;off&#8221; button_one_border_radius__hover_enabled=&#8221;off&#8221; button_two_border_radius__hover_enabled=&#8221;off&#8221; button_letter_spacing__hover_enabled=&#8221;off&#8221; button_one_letter_spacing__hover_enabled=&#8221;off&#8221; button_two_letter_spacing__hover_enabled=&#8221;off&#8221; button_bg_color__hover_enabled=&#8221;off&#8221; button_one_bg_color__hover_enabled=&#8221;off&#8221; button_two_bg_color__hover_enabled=&#8221;off&#8221;][\/et_pb_contact_field][et_pb_contact_field field_id=&#8221;Tel&#8221; field_title=&#8221;Tel\u00e9fono de contacto&#8221; _builder_version=&#8221;3.16&#8243; form_field_font=&#8221;||||||||&#8221; global_colors_info=&#8221;{}&#8221; button_text_size__hover_enabled=&#8221;off&#8221; button_one_text_size__hover_enabled=&#8221;off&#8221; button_two_text_size__hover_enabled=&#8221;off&#8221; button_text_color__hover_enabled=&#8221;off&#8221; button_one_text_color__hover_enabled=&#8221;off&#8221; button_two_text_color__hover_enabled=&#8221;off&#8221; button_border_width__hover_enabled=&#8221;off&#8221; button_one_border_width__hover_enabled=&#8221;off&#8221; button_two_border_width__hover_enabled=&#8221;off&#8221; button_border_color__hover_enabled=&#8221;off&#8221; button_one_border_color__hover_enabled=&#8221;off&#8221; button_two_border_color__hover_enabled=&#8221;off&#8221; button_border_radius__hover_enabled=&#8221;off&#8221; button_one_border_radius__hover_enabled=&#8221;off&#8221; button_two_border_radius__hover_enabled=&#8221;off&#8221; button_letter_spacing__hover_enabled=&#8221;off&#8221; button_one_letter_spacing__hover_enabled=&#8221;off&#8221; button_two_letter_spacing__hover_enabled=&#8221;off&#8221; button_bg_color__hover_enabled=&#8221;off&#8221; button_one_bg_color__hover_enabled=&#8221;off&#8221; button_two_bg_color__hover_enabled=&#8221;off&#8221;][\/et_pb_contact_field][et_pb_contact_field field_id=&#8221;provincia&#8221; field_title=&#8221;Provincia&#8221; _builder_version=&#8221;3.16&#8243; form_field_font=&#8221;||||||||&#8221; global_colors_info=&#8221;{}&#8221; button_text_size__hover_enabled=&#8221;off&#8221; button_one_text_size__hover_enabled=&#8221;off&#8221; button_two_text_size__hover_enabled=&#8221;off&#8221; button_text_color__hover_enabled=&#8221;off&#8221; button_one_text_color__hover_enabled=&#8221;off&#8221; button_two_text_color__hover_enabled=&#8221;off&#8221; button_border_width__hover_enabled=&#8221;off&#8221; button_one_border_width__hover_enabled=&#8221;off&#8221; button_two_border_width__hover_enabled=&#8221;off&#8221; button_border_color__hover_enabled=&#8221;off&#8221; button_one_border_color__hover_enabled=&#8221;off&#8221; button_two_border_color__hover_enabled=&#8221;off&#8221; button_border_radius__hover_enabled=&#8221;off&#8221; button_one_border_radius__hover_enabled=&#8221;off&#8221; button_two_border_radius__hover_enabled=&#8221;off&#8221; button_letter_spacing__hover_enabled=&#8221;off&#8221; button_one_letter_spacing__hover_enabled=&#8221;off&#8221; button_two_letter_spacing__hover_enabled=&#8221;off&#8221; button_bg_color__hover_enabled=&#8221;off&#8221; button_one_bg_color__hover_enabled=&#8221;off&#8221; button_two_bg_color__hover_enabled=&#8221;off&#8221;][\/et_pb_contact_field][et_pb_contact_field field_id=&#8221;Message&#8221; field_title=&#8221;Mensaje&#8221; field_type=&#8221;text&#8221; fullwidth_field=&#8221;on&#8221; _builder_version=&#8221;3.16&#8243; form_field_font=&#8221;||||||||&#8221; global_colors_info=&#8221;{}&#8221; button_text_size__hover_enabled=&#8221;off&#8221; button_one_text_size__hover_enabled=&#8221;off&#8221; button_two_text_size__hover_enabled=&#8221;off&#8221; button_text_color__hover_enabled=&#8221;off&#8221; button_one_text_color__hover_enabled=&#8221;off&#8221; button_two_text_color__hover_enabled=&#8221;off&#8221; button_border_width__hover_enabled=&#8221;off&#8221; button_one_border_width__hover_enabled=&#8221;off&#8221; button_two_border_width__hover_enabled=&#8221;off&#8221; button_border_color__hover_enabled=&#8221;off&#8221; button_one_border_color__hover_enabled=&#8221;off&#8221; button_two_border_color__hover_enabled=&#8221;off&#8221; button_border_radius__hover_enabled=&#8221;off&#8221; button_one_border_radius__hover_enabled=&#8221;off&#8221; button_two_border_radius__hover_enabled=&#8221;off&#8221; button_letter_spacing__hover_enabled=&#8221;off&#8221; button_one_letter_spacing__hover_enabled=&#8221;off&#8221; button_two_letter_spacing__hover_enabled=&#8221;off&#8221; button_bg_color__hover_enabled=&#8221;off&#8221; button_one_bg_color__hover_enabled=&#8221;off&#8221; button_two_bg_color__hover_enabled=&#8221;off&#8221;][\/et_pb_contact_field][\/et_pb_contact_form][\/et_pb_column][et_pb_column type=&#8221;1_3&#8243; _builder_version=&#8221;3.25&#8243; custom_padding=&#8221;120px|||&#8221; custom_padding_tablet=&#8221;0px|||&#8221; custom_padding_phone=&#8221;&#8221; custom_padding_last_edited=&#8221;on|tablet&#8221; global_colors_info=&#8221;{}&#8221; custom_padding__hover=&#8221;|||&#8221;][et_pb_blurb title=&#8221;Oficinas Centrales&#8221; use_icon=&#8221;on&#8221; font_icon=&#8221;&#xe081;||divi||400&#8243; icon_color=&#8221;#ffa727&#8243; icon_placement=&#8221;left&#8221; image_icon_width=&#8221;28px&#8221; content_max_width=&#8221;1100px&#8221; _builder_version=&#8221;4.13.0&#8243; header_font=&#8221;Nunito|700|||||||&#8221; header_font_size=&#8221;24px&#8221; header_line_height=&#8221;1.2em&#8221; body_font=&#8221;Open Sans||||||||&#8221; body_font_size=&#8221;16px&#8221; body_line_height=&#8221;1.8em&#8221; background_layout=&#8221;dark&#8221; custom_padding=&#8221;|||&#8221; animation_style=&#8221;fold&#8221; animation_delay=&#8221;150ms&#8221; animation=&#8221;off&#8221; icon_font_size=&#8221;28px&#8221; locked=&#8221;off&#8221; global_colors_info=&#8221;{}&#8221;]Calle Adolfo Perez Esquivel n\u00ba 86 (Parque Empresarial)<\/p>\n<p>28232 Las Rozas MADRID<br \/>\n[\/et_pb_blurb][et_pb_blurb title=&#8221;Horario&#8221; use_icon=&#8221;on&#8221; font_icon=&#8221;&#xe06b;||divi||400&#8243; icon_color=&#8221;#ffa727&#8243; icon_placement=&#8221;left&#8221; image_icon_width=&#8221;28px&#8221; content_max_width=&#8221;1100px&#8221; _builder_version=&#8221;4.13.0&#8243; header_font=&#8221;Nunito|700|||||||&#8221; header_font_size=&#8221;24px&#8221; header_line_height=&#8221;1.2em&#8221; body_font=&#8221;Open Sans||||||||&#8221; body_font_size=&#8221;16px&#8221; body_line_height=&#8221;1.8em&#8221; background_layout=&#8221;dark&#8221; custom_padding=&#8221;|||&#8221; animation_style=&#8221;fold&#8221; animation_delay=&#8221;150ms&#8221; animation=&#8221;off&#8221; icon_font_size=&#8221;28px&#8221; locked=&#8221;off&#8221; global_colors_info=&#8221;{}&#8221;]De Lunes a Viernes De 8:00h. a 18:00h.<br \/>\n[\/et_pb_blurb][et_pb_blurb title=&#8221;Ll\u00e1manos&#8221; use_icon=&#8221;on&#8221; font_icon=&#8221;&#xe090;||divi||400&#8243; icon_color=&#8221;#ffa727&#8243; icon_placement=&#8221;left&#8221; image_icon_width=&#8221;28px&#8221; content_max_width=&#8221;1100px&#8221; _builder_version=&#8221;4.13.0&#8243; header_level=&#8221;h2&#8243; header_font=&#8221;Nunito|600|||||||&#8221; header_font_size=&#8221;24px&#8221; header_line_height=&#8221;1.2em&#8221; body_font=&#8221;Open Sans||||||||&#8221; body_font_size=&#8221;16px&#8221; body_line_height=&#8221;1.8em&#8221; background_layout=&#8221;dark&#8221; custom_padding=&#8221;|||&#8221; animation_style=&#8221;fold&#8221; animation_delay=&#8221;150ms&#8221; animation=&#8221;off&#8221; icon_font_size=&#8221;28px&#8221; locked=&#8221;off&#8221; global_colors_info=&#8221;{}&#8221;]+34 91 755 79 28<br \/>\n[\/et_pb_blurb][\/et_pb_column][\/et_pb_row][\/et_pb_section]<\/p>\n","protected":false},"excerpt":{"rendered":"<p>EL MANCHEGO Design | Vitrine | Armoire de maturation | R\u00e9frig\u00e9ration industrielle | \u00c9clairage commercial sp\u00e9cialAnn\u00e9e : 2021 Lieu: ToledoLe projet en question parle \u00e0 la premi\u00e8re personne du traitement d&#8217;un commerce de d\u00e9tail comme une entreprise. Javier Sabido est un jeune professionnel du secteur de la viande qui, avec son \u00e9pouse Cristina, a d\u00e9cid\u00e9 [&hellip;]<\/p>\n","protected":false},"author":1,"featured_media":4818,"comment_status":"open","ping_status":"closed","template":"","meta":{"_et_pb_use_builder":"on","_et_pb_old_content":"","_et_gb_content_width":"","_vp_format_video_url":"","_vp_image_focal_point":[],"footnotes":""},"project_category":[22],"project_tag":[],"class_list":["post-6559","project","type-project","status-publish","has-post-thumbnail","hentry","project_category-vitrines"],"yoast_head":"<!-- This site is optimized with the Yoast SEO plugin v27.5 - https:\/\/yoast.com\/product\/yoast-seo-wordpress\/ -->\n<title>El Manchego - Augusta Vitrinas<\/title>\n<meta name=\"robots\" content=\"index, follow, max-snippet:-1, max-image-preview:large, max-video-preview:-1\" \/>\n<link rel=\"canonical\" href=\"https:\/\/augustavitrinas.com\/fr\/project\/el-manchego\/\" \/>\n<meta property=\"og:locale\" content=\"fr_FR\" \/>\n<meta property=\"og:type\" content=\"article\" \/>\n<meta property=\"og:title\" content=\"El Manchego - Augusta Vitrinas\" \/>\n<meta property=\"og:description\" content=\"EL MANCHEGO Design | Vitrine | Armoire de maturation | R\u00e9frig\u00e9ration industrielle | \u00c9clairage commercial sp\u00e9cialAnn\u00e9e : 2021 Lieu: ToledoLe projet en question parle \u00e0 la premi\u00e8re personne du traitement d&#039;un commerce de d\u00e9tail comme une entreprise. Javier Sabido est un jeune professionnel du secteur de la viande qui, avec son \u00e9pouse Cristina, a d\u00e9cid\u00e9 [&hellip;]\" \/>\n<meta property=\"og:url\" content=\"https:\/\/augustavitrinas.com\/fr\/project\/el-manchego\/\" \/>\n<meta property=\"og:site_name\" content=\"Augusta Vitrinas\" \/>\n<meta property=\"article:publisher\" content=\"https:\/\/www.facebook.com\/Augustavitrinas\/\" \/>\n<meta property=\"article:modified_time\" content=\"2022-02-16T16:39:46+00:00\" \/>\n<meta property=\"og:image\" content=\"https:\/\/augustavitrinas.com\/wp-content\/uploads\/2022\/02\/Foto-1-1.jpg\" \/>\n\t<meta property=\"og:image:width\" content=\"1400\" \/>\n\t<meta property=\"og:image:height\" content=\"700\" \/>\n\t<meta property=\"og:image:type\" content=\"image\/jpeg\" \/>\n<meta name=\"twitter:card\" content=\"summary_large_image\" \/>\n<meta name=\"twitter:label1\" content=\"Est. reading time\" \/>\n\t<meta name=\"twitter:data1\" content=\"10 minutes\" \/>\n<script type=\"application\/ld+json\" class=\"yoast-schema-graph\">{\"@context\":\"https:\\\/\\\/schema.org\",\"@graph\":[{\"@type\":\"WebPage\",\"@id\":\"https:\\\/\\\/augustavitrinas.com\\\/fr\\\/project\\\/el-manchego\\\/\",\"url\":\"https:\\\/\\\/augustavitrinas.com\\\/fr\\\/project\\\/el-manchego\\\/\",\"name\":\"El Manchego - Augusta Vitrinas\",\"isPartOf\":{\"@id\":\"https:\\\/\\\/augustavitrinas.com\\\/#website\"},\"primaryImageOfPage\":{\"@id\":\"https:\\\/\\\/augustavitrinas.com\\\/fr\\\/project\\\/el-manchego\\\/#primaryimage\"},\"image\":{\"@id\":\"https:\\\/\\\/augustavitrinas.com\\\/fr\\\/project\\\/el-manchego\\\/#primaryimage\"},\"thumbnailUrl\":\"https:\\\/\\\/augustavitrinas.com\\\/wp-content\\\/uploads\\\/2022\\\/02\\\/Foto-1-1.jpg\",\"datePublished\":\"2022-02-16T16:20:40+00:00\",\"dateModified\":\"2022-02-16T16:39:46+00:00\",\"breadcrumb\":{\"@id\":\"https:\\\/\\\/augustavitrinas.com\\\/fr\\\/project\\\/el-manchego\\\/#breadcrumb\"},\"inLanguage\":\"fr-FR\",\"potentialAction\":[{\"@type\":\"ReadAction\",\"target\":[\"https:\\\/\\\/augustavitrinas.com\\\/fr\\\/project\\\/el-manchego\\\/\"]}]},{\"@type\":\"ImageObject\",\"inLanguage\":\"fr-FR\",\"@id\":\"https:\\\/\\\/augustavitrinas.com\\\/fr\\\/project\\\/el-manchego\\\/#primaryimage\",\"url\":\"https:\\\/\\\/augustavitrinas.com\\\/wp-content\\\/uploads\\\/2022\\\/02\\\/Foto-1-1.jpg\",\"contentUrl\":\"https:\\\/\\\/augustavitrinas.com\\\/wp-content\\\/uploads\\\/2022\\\/02\\\/Foto-1-1.jpg\",\"width\":1400,\"height\":700},{\"@type\":\"BreadcrumbList\",\"@id\":\"https:\\\/\\\/augustavitrinas.com\\\/fr\\\/project\\\/el-manchego\\\/#breadcrumb\",\"itemListElement\":[{\"@type\":\"ListItem\",\"position\":1,\"name\":\"Portada\",\"item\":\"https:\\\/\\\/augustavitrinas.com\\\/fr\\\/\"},{\"@type\":\"ListItem\",\"position\":2,\"name\":\"Projects\",\"item\":\"https:\\\/\\\/augustavitrinas.com\\\/en\\\/project\\\/\"},{\"@type\":\"ListItem\",\"position\":3,\"name\":\"El Manchego\"}]},{\"@type\":\"WebSite\",\"@id\":\"https:\\\/\\\/augustavitrinas.com\\\/#website\",\"url\":\"https:\\\/\\\/augustavitrinas.com\\\/\",\"name\":\"Augusta Vitrinas\",\"description\":\"Vitrinas frigor\u00edficas a medida , Interiorismo comercial\",\"publisher\":{\"@id\":\"https:\\\/\\\/augustavitrinas.com\\\/#organization\"},\"potentialAction\":[{\"@type\":\"SearchAction\",\"target\":{\"@type\":\"EntryPoint\",\"urlTemplate\":\"https:\\\/\\\/augustavitrinas.com\\\/?s={search_term_string}\"},\"query-input\":{\"@type\":\"PropertyValueSpecification\",\"valueRequired\":true,\"valueName\":\"search_term_string\"}}],\"inLanguage\":\"fr-FR\"},{\"@type\":\"Organization\",\"@id\":\"https:\\\/\\\/augustavitrinas.com\\\/#organization\",\"name\":\"Augusta Vitrinas\",\"url\":\"https:\\\/\\\/augustavitrinas.com\\\/\",\"logo\":{\"@type\":\"ImageObject\",\"inLanguage\":\"fr-FR\",\"@id\":\"https:\\\/\\\/augustavitrinas.com\\\/#\\\/schema\\\/logo\\\/image\\\/\",\"url\":\"https:\\\/\\\/augustavitrinas.com\\\/wp-content\\\/uploads\\\/2021\\\/11\\\/logo-movil-augustaazul.png\",\"contentUrl\":\"https:\\\/\\\/augustavitrinas.com\\\/wp-content\\\/uploads\\\/2021\\\/11\\\/logo-movil-augustaazul.png\",\"width\":501,\"height\":418,\"caption\":\"Augusta Vitrinas\"},\"image\":{\"@id\":\"https:\\\/\\\/augustavitrinas.com\\\/#\\\/schema\\\/logo\\\/image\\\/\"},\"sameAs\":[\"https:\\\/\\\/www.facebook.com\\\/Augustavitrinas\\\/\",\"https:\\\/\\\/www.instagram.com\\\/augusta__vitrinas\\\/\"]}]}<\/script>\n<!-- \/ Yoast SEO plugin. -->","yoast_head_json":{"title":"El Manchego - Augusta Vitrinas","robots":{"index":"index","follow":"follow","max-snippet":"max-snippet:-1","max-image-preview":"max-image-preview:large","max-video-preview":"max-video-preview:-1"},"canonical":"https:\/\/augustavitrinas.com\/fr\/project\/el-manchego\/","og_locale":"fr_FR","og_type":"article","og_title":"El Manchego - Augusta Vitrinas","og_description":"EL MANCHEGO Design | Vitrine | Armoire de maturation | R\u00e9frig\u00e9ration industrielle | \u00c9clairage commercial sp\u00e9cialAnn\u00e9e : 2021 Lieu: ToledoLe projet en question parle \u00e0 la premi\u00e8re personne du traitement d'un commerce de d\u00e9tail comme une entreprise. Javier Sabido est un jeune professionnel du secteur de la viande qui, avec son \u00e9pouse Cristina, a d\u00e9cid\u00e9 [&hellip;]","og_url":"https:\/\/augustavitrinas.com\/fr\/project\/el-manchego\/","og_site_name":"Augusta Vitrinas","article_publisher":"https:\/\/www.facebook.com\/Augustavitrinas\/","article_modified_time":"2022-02-16T16:39:46+00:00","og_image":[{"width":1400,"height":700,"url":"https:\/\/augustavitrinas.com\/wp-content\/uploads\/2022\/02\/Foto-1-1.jpg","type":"image\/jpeg"}],"twitter_card":"summary_large_image","twitter_misc":{"Est. reading time":"10 minutes"},"schema":{"@context":"https:\/\/schema.org","@graph":[{"@type":"WebPage","@id":"https:\/\/augustavitrinas.com\/fr\/project\/el-manchego\/","url":"https:\/\/augustavitrinas.com\/fr\/project\/el-manchego\/","name":"El Manchego - Augusta Vitrinas","isPartOf":{"@id":"https:\/\/augustavitrinas.com\/#website"},"primaryImageOfPage":{"@id":"https:\/\/augustavitrinas.com\/fr\/project\/el-manchego\/#primaryimage"},"image":{"@id":"https:\/\/augustavitrinas.com\/fr\/project\/el-manchego\/#primaryimage"},"thumbnailUrl":"https:\/\/augustavitrinas.com\/wp-content\/uploads\/2022\/02\/Foto-1-1.jpg","datePublished":"2022-02-16T16:20:40+00:00","dateModified":"2022-02-16T16:39:46+00:00","breadcrumb":{"@id":"https:\/\/augustavitrinas.com\/fr\/project\/el-manchego\/#breadcrumb"},"inLanguage":"fr-FR","potentialAction":[{"@type":"ReadAction","target":["https:\/\/augustavitrinas.com\/fr\/project\/el-manchego\/"]}]},{"@type":"ImageObject","inLanguage":"fr-FR","@id":"https:\/\/augustavitrinas.com\/fr\/project\/el-manchego\/#primaryimage","url":"https:\/\/augustavitrinas.com\/wp-content\/uploads\/2022\/02\/Foto-1-1.jpg","contentUrl":"https:\/\/augustavitrinas.com\/wp-content\/uploads\/2022\/02\/Foto-1-1.jpg","width":1400,"height":700},{"@type":"BreadcrumbList","@id":"https:\/\/augustavitrinas.com\/fr\/project\/el-manchego\/#breadcrumb","itemListElement":[{"@type":"ListItem","position":1,"name":"Portada","item":"https:\/\/augustavitrinas.com\/fr\/"},{"@type":"ListItem","position":2,"name":"Projects","item":"https:\/\/augustavitrinas.com\/en\/project\/"},{"@type":"ListItem","position":3,"name":"El Manchego"}]},{"@type":"WebSite","@id":"https:\/\/augustavitrinas.com\/#website","url":"https:\/\/augustavitrinas.com\/","name":"Augusta Vitrinas","description":"Vitrinas frigor\u00edficas a medida , Interiorismo comercial","publisher":{"@id":"https:\/\/augustavitrinas.com\/#organization"},"potentialAction":[{"@type":"SearchAction","target":{"@type":"EntryPoint","urlTemplate":"https:\/\/augustavitrinas.com\/?s={search_term_string}"},"query-input":{"@type":"PropertyValueSpecification","valueRequired":true,"valueName":"search_term_string"}}],"inLanguage":"fr-FR"},{"@type":"Organization","@id":"https:\/\/augustavitrinas.com\/#organization","name":"Augusta Vitrinas","url":"https:\/\/augustavitrinas.com\/","logo":{"@type":"ImageObject","inLanguage":"fr-FR","@id":"https:\/\/augustavitrinas.com\/#\/schema\/logo\/image\/","url":"https:\/\/augustavitrinas.com\/wp-content\/uploads\/2021\/11\/logo-movil-augustaazul.png","contentUrl":"https:\/\/augustavitrinas.com\/wp-content\/uploads\/2021\/11\/logo-movil-augustaazul.png","width":501,"height":418,"caption":"Augusta Vitrinas"},"image":{"@id":"https:\/\/augustavitrinas.com\/#\/schema\/logo\/image\/"},"sameAs":["https:\/\/www.facebook.com\/Augustavitrinas\/","https:\/\/www.instagram.com\/augusta__vitrinas\/"]}]}},"_links":{"self":[{"href":"https:\/\/augustavitrinas.com\/fr\/wp-json\/wp\/v2\/project\/6559","targetHints":{"allow":["GET"]}}],"collection":[{"href":"https:\/\/augustavitrinas.com\/fr\/wp-json\/wp\/v2\/project"}],"about":[{"href":"https:\/\/augustavitrinas.com\/fr\/wp-json\/wp\/v2\/types\/project"}],"author":[{"embeddable":true,"href":"https:\/\/augustavitrinas.com\/fr\/wp-json\/wp\/v2\/users\/1"}],"replies":[{"embeddable":true,"href":"https:\/\/augustavitrinas.com\/fr\/wp-json\/wp\/v2\/comments?post=6559"}],"version-history":[{"count":0,"href":"https:\/\/augustavitrinas.com\/fr\/wp-json\/wp\/v2\/project\/6559\/revisions"}],"wp:featuredmedia":[{"embeddable":true,"href":"https:\/\/augustavitrinas.com\/fr\/wp-json\/wp\/v2\/media\/4818"}],"wp:attachment":[{"href":"https:\/\/augustavitrinas.com\/fr\/wp-json\/wp\/v2\/media?parent=6559"}],"wp:term":[{"taxonomy":"project_category","embeddable":true,"href":"https:\/\/augustavitrinas.com\/fr\/wp-json\/wp\/v2\/project_category?post=6559"},{"taxonomy":"project_tag","embeddable":true,"href":"https:\/\/augustavitrinas.com\/fr\/wp-json\/wp\/v2\/project_tag?post=6559"}],"curies":[{"name":"wp","href":"https:\/\/api.w.org\/{rel}","templated":true}]}}